{"id":2510,"date":"2016-07-29T14:53:02","date_gmt":"2016-07-29T12:53:02","guid":{"rendered":"http:\/\/luko.info\/?post_type=portfolio&#038;p=2510"},"modified":"2018-06-09T15:46:33","modified_gmt":"2018-06-09T13:46:33","slug":"fete-de-st-medard-en-forez","status":"publish","type":"portfolio","link":"http:\/\/luko.info\/?portfolio=fete-de-st-medard-en-forez","title":{"rendered":"Affiche Saint-M\u00e9dard"},"content":{"rendered":"<p>R\u00e9alisation de l&rsquo;affiche pour la f\u00eate de St-M\u00e9dard-en-Forez (42) ainsi que des plaques type rallye pour les v\u00e9hicules anciens participants.<br \/>\n<img data-recalc-dims=\"1\" loading=\"lazy\" decoding=\"async\" data-attachment-id=\"2512\" data-permalink=\"http:\/\/luko.info\/?attachment_id=2512\" data-orig-file=\"https:\/\/i0.wp.com\/luko.info\/wp-content\/uploads\/2016\/07\/AFFICHE-ST-M%C3%89DARD-WEEK-END-W.jpg?fit=827%2C1169\" data-orig-size=\"827,1169\" data-comments-opened=\"1\" data-image-meta=\"{&quot;aperture&quot;:&quot;0&quot;,&quot;credit&quot;:&quot;&quot;,&quot;camera&quot;:&quot;&quot;,&quot;caption&quot;:&quot;&quot;,&quot;created_timestamp&quot;:&quot;0&quot;,&quot;copyright&quot;:&quot;&quot;,&quot;focal_length&quot;:&quot;0&quot;,&quot;iso&quot;:&quot;0&quot;,&quot;shutter_speed&quot;:&quot;0&quot;,&quot;title&quot;:&quot;&quot;,&quot;orientation&quot;:&quot;0&quot;}\" data-image-title=\"AFFICHE-ST-M\u00c9DARD-WEEK-END-W\" data-image-description=\"\" data-image-caption=\"\" data-medium-file=\"https:\/\/i0.wp.com\/luko.info\/wp-content\/uploads\/2016\/07\/AFFICHE-ST-M%C3%89DARD-WEEK-END-W.jpg?fit=212%2C300\" data-large-file=\"https:\/\/i0.wp.com\/luko.info\/wp-content\/uploads\/2016\/07\/AFFICHE-ST-M%C3%89DARD-WEEK-END-W.jpg?fit=724%2C1024\" class=\"alignleft size-large wp-image-2512\" src=\"https:\/\/i0.wp.com\/luko.info\/wp-content\/uploads\/2016\/07\/AFFICHE-ST-M%C3%89DARD-WEEK-END-W.jpg?resize=724%2C1024\" alt=\"AFFICHE-ST-M\u00c9DARD-WEEK-END-W\" width=\"724\" height=\"1024\" data-id=\"2512\" srcset=\"https:\/\/i0.wp.com\/luko.info\/wp-content\/uploads\/2016\/07\/AFFICHE-ST-M%C3%89DARD-WEEK-END-W.jpg?resize=724%2C1024 724w, https:\/\/i0.wp.com\/luko.info\/wp-content\/uploads\/2016\/07\/AFFICHE-ST-M%C3%89DARD-WEEK-END-W.jpg?resize=212%2C300 212w, https:\/\/i0.wp.com\/luko.info\/wp-content\/uploads\/2016\/07\/AFFICHE-ST-M%C3%89DARD-WEEK-END-W.jpg?resize=768%2C1086 768w, https:\/\/i0.wp.com\/luko.info\/wp-content\/uploads\/2016\/07\/AFFICHE-ST-M%C3%89DARD-WEEK-END-W.jpg?w=827 827w\" sizes=\"auto, (max-width: 724px) 100vw, 724px\" \/> <img data-recalc-dims=\"1\" loading=\"lazy\" decoding=\"async\" data-attachment-id=\"2513\" data-permalink=\"http:\/\/luko.info\/?attachment_id=2513\" data-orig-file=\"https:\/\/i0.wp.com\/luko.info\/wp-content\/uploads\/2016\/07\/PLAQUE-ST-M%C3%89DARD-W.jpg?fit=1181%2C542\" data-orig-size=\"1181,542\" data-comments-opened=\"1\" data-image-meta=\"{&quot;aperture&quot;:&quot;0&quot;,&quot;credit&quot;:&quot;&quot;,&quot;camera&quot;:&quot;&quot;,&quot;caption&quot;:&quot;&quot;,&quot;created_timestamp&quot;:&quot;0&quot;,&quot;copyright&quot;:&quot;&quot;,&quot;focal_length&quot;:&quot;0&quot;,&quot;iso&quot;:&quot;0&quot;,&quot;shutter_speed&quot;:&quot;0&quot;,&quot;title&quot;:&quot;&quot;,&quot;orientation&quot;:&quot;0&quot;}\" data-image-title=\"PLAQUE-ST-M\u00c9DARD-W\" data-image-description=\"\" data-image-caption=\"\" data-medium-file=\"https:\/\/i0.wp.com\/luko.info\/wp-content\/uploads\/2016\/07\/PLAQUE-ST-M%C3%89DARD-W.jpg?fit=300%2C138\" data-large-file=\"https:\/\/i0.wp.com\/luko.info\/wp-content\/uploads\/2016\/07\/PLAQUE-ST-M%C3%89DARD-W.jpg?fit=1024%2C470\" class=\"alignleft size-large wp-image-2513\" src=\"https:\/\/i0.wp.com\/luko.info\/wp-content\/uploads\/2016\/07\/PLAQUE-ST-M%C3%89DARD-W.jpg?resize=1024%2C470\" alt=\"PLAQUE-ST-M\u00c9DARD-W\" width=\"1024\" height=\"470\" data-id=\"2513\" srcset=\"https:\/\/i0.wp.com\/luko.info\/wp-content\/uploads\/2016\/07\/PLAQUE-ST-M%C3%89DARD-W.jpg?resize=1024%2C470 1024w, https:\/\/i0.wp.com\/luko.info\/wp-content\/uploads\/2016\/07\/PLAQUE-ST-M%C3%89DARD-W.jpg?resize=300%2C138 300w, https:\/\/i0.wp.com\/luko.info\/wp-content\/uploads\/2016\/07\/PLAQUE-ST-M%C3%89DARD-W.jpg?resize=768%2C352 768w, https:\/\/i0.wp.com\/luko.info\/wp-content\/uploads\/2016\/07\/PLAQUE-ST-M%C3%89DARD-W.jpg?w=1181 1181w\" sizes=\"auto, (max-width: 1024px) 100vw, 1024px\" \/><\/p>\n","protected":false},"excerpt":{"rendered":"<p>R\u00e9alisation de l&rsquo;affiche pour la f\u00eate de St-M\u00e9dard-en-Forez (42) ainsi que des plaques type rallye pour les v\u00e9hicules anciens participants.<\/p>\n","protected":false},"author":1,"featured_media":2514,"menu_order":0,"comment_status":"open","ping_status":"closed","template":"","meta":{"jetpack_post_was_ever_published":false,"footnotes":"","jetpack_publicize_message":"","jetpack_publicize_feature_enabled":true,"jetpack_social_post_already_shared":true,"jetpack_social_options":{"image_generator_settings":{"template":"highway","default_image_id":0,"font":"","enabled":false},"version":2}},"portfolio-category":[],"portfolio-tag":[],"portfolio-type":[10,23],"class_list":["post-2510","portfolio","type-portfolio","status-publish","has-post-thumbnail","hentry","portfolio-type-dessin","portfolio-type-numerique"],"jetpack_publicize_connections":[],"jetpack_sharing_enabled":true,"_links":{"self":[{"href":"http:\/\/luko.info\/index.php?rest_route=\/wp\/v2\/portfolio\/2510","targetHints":{"allow":["GET"]}}],"collection":[{"href":"http:\/\/luko.info\/index.php?rest_route=\/wp\/v2\/portfolio"}],"about":[{"href":"http:\/\/luko.info\/index.php?rest_route=\/wp\/v2\/types\/portfolio"}],"author":[{"embeddable":true,"href":"http:\/\/luko.info\/index.php?rest_route=\/wp\/v2\/users\/1"}],"replies":[{"embeddable":true,"href":"http:\/\/luko.info\/index.php?rest_route=%2Fwp%2Fv2%2Fcomments&post=2510"}],"version-history":[{"count":5,"href":"http:\/\/luko.info\/index.php?rest_route=\/wp\/v2\/portfolio\/2510\/revisions"}],"predecessor-version":[{"id":3948,"href":"http:\/\/luko.info\/index.php?rest_route=\/wp\/v2\/portfolio\/2510\/revisions\/3948"}],"wp:featuredmedia":[{"embeddable":true,"href":"http:\/\/luko.info\/index.php?rest_route=\/wp\/v2\/media\/2514"}],"wp:attachment":[{"href":"http:\/\/luko.info\/index.php?rest_route=%2Fwp%2Fv2%2Fmedia&parent=2510"}],"wp:term":[{"taxonomy":"portfolio-category","embeddable":true,"href":"http:\/\/luko.info\/index.php?rest_route=%2Fwp%2Fv2%2Fportfolio-category&post=2510"},{"taxonomy":"portfolio-tag","embeddable":true,"href":"http:\/\/luko.info\/index.php?rest_route=%2Fwp%2Fv2%2Fportfolio-tag&post=2510"},{"taxonomy":"portfolio-type","embeddable":true,"href":"http:\/\/luko.info\/index.php?rest_route=%2Fwp%2Fv2%2Fportfolio-type&post=2510"}],"curies":[{"name":"wp","href":"https:\/\/api.w.org\/{rel}","templated":true}]}}